{"id":18,"date":"2024-09-02T13:42:45","date_gmt":"2024-09-02T11:42:45","guid":{"rendered":"https:\/\/www.fetamavins.cat\/?page_id=18"},"modified":"2025-03-05T13:37:52","modified_gmt":"2025-03-05T12:37:52","slug":"el-projecte-fet-a-ma","status":"publish","type":"page","link":"https:\/\/www.fetamavins.cat\/es\/el-projecte-fet-a-ma\/","title":{"rendered":"El proyecto"},"content":{"rendered":"<div data-elementor-type=\"wp-page\" data-elementor-id=\"18\" class=\"elementor elementor-18\" data-elementor-post-type=\"page\">\n\t\t\t\t<div class=\"elementor-element elementor-element-6134463 e-flex e-con-boxed e-con e-parent\" data-id=\"6134463\" data-element_type=\"container\" data-e-type=\"container\" data-settings=\"{&quot;background_background&quot;:&quot;classic&quot;}\">\n\t\t\t\t\t<div class=\"e-con-inner\">\n\t\t\t\t\t<\/div>\n\t\t\t\t<\/div>\n\t\t<div class=\"elementor-element elementor-element-3fbb4ce e-con-full e-flex e-con e-parent\" data-id=\"3fbb4ce\" data-element_type=\"container\" data-e-type=\"container\">\n\t\t<div class=\"elementor-element elementor-element-1b5bd9f e-con-full e-flex e-con e-child\" data-id=\"1b5bd9f\" data-element_type=\"container\" data-e-type=\"container\">\n\t\t\t\t<div class=\"elementor-element elementor-element-f36c396 animated-slow elementor-widget-divider--view-line elementor-invisible elementor-widget elementor-widget-divider\" data-id=\"f36c396\" data-element_type=\"widget\" data-e-type=\"widget\" data-settings=\"{&quot;_animation&quot;:&quot;fadeInLeft&quot;}\" data-widget_type=\"divider.default\">\n\t\t\t\t<div class=\"elementor-widget-container\">\n\t\t\t\t\t\t\t<div class=\"elementor-divider\">\n\t\t\t<span class=\"elementor-divider-separator\">\n\t\t\t\t\t\t<\/span>\n\t\t<\/div>\n\t\t\t\t\t\t<\/div>\n\t\t\t\t<\/div>\n\t\t\t\t<div class=\"elementor-element elementor-element-a5ac020 animated-slow elementor-invisible elementor-widget elementor-widget-heading\" data-id=\"a5ac020\" data-element_type=\"widget\" data-e-type=\"widget\" data-settings=\"{&quot;_animation&quot;:&quot;fadeIn&quot;}\" data-widget_type=\"heading.default\">\n\t\t\t\t<div class=\"elementor-widget-container\">\n\t\t\t\t\t<h1 class=\"elementor-heading-title elementor-size-default\">Fet a M\u00e0,<br>\nvins sense afegits, fets a la vinya\n<\/h1>\t\t\t\t<\/div>\n\t\t\t\t<\/div>\n\t\t\t\t<div class=\"elementor-element elementor-element-26ba5a4 animated-slow elementor-invisible elementor-widget elementor-widget-heading\" data-id=\"26ba5a4\" data-element_type=\"widget\" data-e-type=\"widget\" data-settings=\"{&quot;_animation&quot;:&quot;fadeInUp&quot;,&quot;_animation_delay&quot;:400}\" data-widget_type=\"heading.default\">\n\t\t\t\t<div class=\"elementor-widget-container\">\n\t\t\t\t\t<h2 class=\"elementor-heading-title elementor-size-default\">Un projecte personal de Marta Arenas\n<\/h2>\t\t\t\t<\/div>\n\t\t\t\t<\/div>\n\t\t\t\t<div class=\"elementor-element elementor-element-db433ad animated-slow elementor-invisible elementor-widget elementor-widget-text-editor\" data-id=\"db433ad\" data-element_type=\"widget\" data-e-type=\"widget\" data-settings=\"{&quot;_animation&quot;:&quot;fadeIn&quot;,&quot;_animation_delay&quot;:400}\" data-widget_type=\"text-editor.default\">\n\t\t\t\t<div class=\"elementor-widget-container\">\n\t\t\t\t\t\t\t\t\t<p><span style=\"font-weight: 400;\">A l&#8217;inici del 2019 s&#8217;hereta una de les finques m\u00e9s valorades del llegat familiar, 1 ha. de vinya antiga plantada fa uns 70 anys, principalment amb Malvasia Empordanesa. Aqu\u00ed nom\u00e9s tenia sentit apostar per una viticultura no convencional, ni intervencionista, amb un respecte m\u00e0xim per donar vida a la terra i a all\u00f2 que els avis havien comen\u00e7at i els pares havien continuat.\u00a0 Recuperant doncs un treball manual com antigament es feia, tenint cura de les necessitats cep a cep, aplicant una viticultura totalment ecol\u00f2gica, amb tend\u00e8ncia biodin\u00e0mica i amb pr\u00e0ctiques regeneratives del sol.\u00a0<\/span><\/p><p><span style=\"font-weight: 400;\">Al municipi Vall-llobrega, al Baix Empord\u00e0, voltada d\u2019un entorn bosc\u00f3s al peu del Mass\u00eds de les Gavarres, oberta a sol naixent, a pocs metres d&#8217;altitud, amb sols d&#8217;argiles amb esquistos, a tant sols 3 km del mar, envoltada de flora i fauna i vetllada per una m\u00e0gica olivera mil\u00b7len\u00e0ria.\u00a0\u00a0<\/span><\/p><p><span style=\"font-weight: 400;\">FetaM\u00e0, sorgeix amb dos objectius principals: d\u2019una banda seguir aprenent de cada collita per tal d\u2019obtenir el m\u00e0xim de representaci\u00f3 del paisatge, dins de cada ampolla, i sobretot per compartir aquest meravell\u00f3s l&#8217;espai i els seus fruits amb tots vosaltres.<\/span><\/p>\t\t\t\t\t\t\t\t<\/div>\n\t\t\t\t<\/div>\n\t\t\t\t<div class=\"elementor-element elementor-element-50e3a99 elementor-invisible elementor-widget elementor-widget-button\" data-id=\"50e3a99\" data-element_type=\"widget\" data-e-type=\"widget\" data-settings=\"{&quot;_animation&quot;:&quot;slideInUp&quot;,&quot;_animation_delay&quot;:400}\" data-widget_type=\"button.default\">\n\t\t\t\t<div class=\"elementor-widget-container\">\n\t\t\t\t\t\t\t\t\t<div class=\"elementor-button-wrapper\">\n\t\t\t\t\t<a class=\"elementor-button elementor-button-link elementor-size-sm elementor-animation-grow\" href=\"\/es\/botiga-vi-natural-baix-emporda\/\">\n\t\t\t\t\t\t<span class=\"elementor-button-content-wrapper\">\n\t\t\t\t\t\t\t\t\t<span class=\"elementor-button-text\">ELS VINS<\/span>\n\t\t\t\t\t<\/span>\n\t\t\t\t\t<\/a>\n\t\t\t\t<\/div>\n\t\t\t\t\t\t\t\t<\/div>\n\t\t\t\t<\/div>\n\t\t\t\t<\/div>\n\t\t<div class=\"elementor-element elementor-element-0a78713 e-con-full e-flex e-con e-child\" data-id=\"0a78713\" data-element_type=\"container\" data-e-type=\"container\">\n\t\t\t\t<div class=\"elementor-element elementor-element-35d79b8 elementor-widget elementor-widget-gallery\" data-id=\"35d79b8\" data-element_type=\"widget\" data-e-type=\"widget\" data-settings=\"{&quot;gallery_layout&quot;:&quot;masonry&quot;,&quot;columns_mobile&quot;:2,&quot;lazyload&quot;:&quot;yes&quot;,&quot;columns&quot;:4,&quot;columns_tablet&quot;:2,&quot;gap&quot;:{&quot;unit&quot;:&quot;px&quot;,&quot;size&quot;:10,&quot;sizes&quot;:[]},&quot;gap_widescreen&quot;:{&quot;unit&quot;:&quot;px&quot;,&quot;size&quot;:&quot;&quot;,&quot;sizes&quot;:[]},&quot;gap_tablet&quot;:{&quot;unit&quot;:&quot;px&quot;,&quot;size&quot;:10,&quot;sizes&quot;:[]},&quot;gap_mobile&quot;:{&quot;unit&quot;:&quot;px&quot;,&quot;size&quot;:10,&quot;sizes&quot;:[]},&quot;link_to&quot;:&quot;file&quot;,&quot;overlay_background&quot;:&quot;yes&quot;,&quot;content_hover_animation&quot;:&quot;fade-in&quot;}\" data-widget_type=\"gallery.default\">\n\t\t\t\t<div class=\"elementor-widget-container\">\n\t\t\t\t\t\t\t<div class=\"elementor-gallery__container\">\n\t\t\t\t\t\t\t<a class=\"e-gallery-item elementor-gallery-item elementor-animated-content\" href=\"https:\/\/www.fetamavins.cat\/wp-content\/uploads\/2025\/01\/projecte_01.jpg\" data-elementor-open-lightbox=\"yes\" data-elementor-lightbox-slideshow=\"35d79b8\" data-elementor-lightbox-title=\"projecte_01\" data-e-action-hash=\"#elementor-action%3Aaction%3Dlightbox%26settings%3DeyJpZCI6NTU0LCJ1cmwiOiJodHRwczpcL1wvd3d3LmZldGFtYXZpbnMuY2F0XC93cC1jb250ZW50XC91cGxvYWRzXC8yMDI1XC8wMVwvcHJvamVjdGVfMDEuanBnIiwic2xpZGVzaG93IjoiMzVkNzliOCJ9\">\n\t\t\t\t\t<div class=\"e-gallery-image elementor-gallery-item__image\" data-thumbnail=\"https:\/\/www.fetamavins.cat\/wp-content\/uploads\/2025\/01\/projecte_01-768x1024.jpg\" data-width=\"768\" data-height=\"1024\" aria-label=\"Fet a m\u00e0 vins naturals Baix Empord\u00e0\" role=\"img\" ><\/div>\n\t\t\t\t\t\t\t\t\t\t\t<div class=\"elementor-gallery-item__overlay\"><\/div>\n\t\t\t\t\t\t\t\t\t\t\t\t\t\t<\/a>\n\t\t\t\t\t\t\t<a class=\"e-gallery-item elementor-gallery-item elementor-animated-content\" href=\"https:\/\/www.fetamavins.cat\/wp-content\/uploads\/2025\/01\/projecte_02.jpg\" data-elementor-open-lightbox=\"yes\" data-elementor-lightbox-slideshow=\"35d79b8\" data-elementor-lightbox-title=\"projecte_02\" data-e-action-hash=\"#elementor-action%3Aaction%3Dlightbox%26settings%3DeyJpZCI6NTU1LCJ1cmwiOiJodHRwczpcL1wvd3d3LmZldGFtYXZpbnMuY2F0XC93cC1jb250ZW50XC91cGxvYWRzXC8yMDI1XC8wMVwvcHJvamVjdGVfMDIuanBnIiwic2xpZGVzaG93IjoiMzVkNzliOCJ9\">\n\t\t\t\t\t<div class=\"e-gallery-image elementor-gallery-item__image\" data-thumbnail=\"https:\/\/www.fetamavins.cat\/wp-content\/uploads\/2025\/01\/projecte_02-768x1024.jpg\" data-width=\"768\" data-height=\"1024\" aria-label=\"Caixa de vins empord\u00e0\" role=\"img\" ><\/div>\n\t\t\t\t\t\t\t\t\t\t\t<div class=\"elementor-gallery-item__overlay\"><\/div>\n\t\t\t\t\t\t\t\t\t\t\t\t\t\t<\/a>\n\t\t\t\t\t\t\t<a class=\"e-gallery-item elementor-gallery-item elementor-animated-content\" href=\"https:\/\/www.fetamavins.cat\/wp-content\/uploads\/2025\/01\/projecte_03.jpg\" data-elementor-open-lightbox=\"yes\" data-elementor-lightbox-slideshow=\"35d79b8\" data-elementor-lightbox-title=\"projecte_03\" data-e-action-hash=\"#elementor-action%3Aaction%3Dlightbox%26settings%3DeyJpZCI6NTU2LCJ1cmwiOiJodHRwczpcL1wvd3d3LmZldGFtYXZpbnMuY2F0XC93cC1jb250ZW50XC91cGxvYWRzXC8yMDI1XC8wMVwvcHJvamVjdGVfMDMuanBnIiwic2xpZGVzaG93IjoiMzVkNzliOCJ9\">\n\t\t\t\t\t<div class=\"e-gallery-image elementor-gallery-item__image\" data-thumbnail=\"https:\/\/www.fetamavins.cat\/wp-content\/uploads\/2025\/01\/projecte_03-768x1024.jpg\" data-width=\"768\" data-height=\"1024\" aria-label=\"Vi producci\u00f3 natural\" role=\"img\" ><\/div>\n\t\t\t\t\t\t\t\t\t\t\t<div class=\"elementor-gallery-item__overlay\"><\/div>\n\t\t\t\t\t\t\t\t\t\t\t\t\t\t<\/a>\n\t\t\t\t\t\t\t<a class=\"e-gallery-item elementor-gallery-item elementor-animated-content\" href=\"https:\/\/www.fetamavins.cat\/wp-content\/uploads\/2025\/01\/projecte_04.jpg\" data-elementor-open-lightbox=\"yes\" data-elementor-lightbox-slideshow=\"35d79b8\" data-elementor-lightbox-title=\"projecte_04\" data-e-action-hash=\"#elementor-action%3Aaction%3Dlightbox%26settings%3DeyJpZCI6NTU3LCJ1cmwiOiJodHRwczpcL1wvd3d3LmZldGFtYXZpbnMuY2F0XC93cC1jb250ZW50XC91cGxvYWRzXC8yMDI1XC8wMVwvcHJvamVjdGVfMDQuanBnIiwic2xpZGVzaG93IjoiMzVkNzliOCJ9\">\n\t\t\t\t\t<div class=\"e-gallery-image elementor-gallery-item__image\" data-thumbnail=\"https:\/\/www.fetamavins.cat\/wp-content\/uploads\/2025\/01\/projecte_04.jpg\" data-width=\"731\" data-height=\"1300\" aria-label=\"Ra\u00efm baix empord\u00e0\" role=\"img\" ><\/div>\n\t\t\t\t\t\t\t\t\t\t\t<div class=\"elementor-gallery-item__overlay\"><\/div>\n\t\t\t\t\t\t\t\t\t\t\t\t\t\t<\/a>\n\t\t\t\t\t\t\t<a class=\"e-gallery-item elementor-gallery-item elementor-animated-content\" href=\"https:\/\/www.fetamavins.cat\/wp-content\/uploads\/2025\/01\/projecte_05.jpg\" data-elementor-open-lightbox=\"yes\" data-elementor-lightbox-slideshow=\"35d79b8\" data-elementor-lightbox-title=\"projecte_05\" data-e-action-hash=\"#elementor-action%3Aaction%3Dlightbox%26settings%3DeyJpZCI6NTU4LCJ1cmwiOiJodHRwczpcL1wvd3d3LmZldGFtYXZpbnMuY2F0XC93cC1jb250ZW50XC91cGxvYWRzXC8yMDI1XC8wMVwvcHJvamVjdGVfMDUuanBnIiwic2xpZGVzaG93IjoiMzVkNzliOCJ9\">\n\t\t\t\t\t<div class=\"e-gallery-image elementor-gallery-item__image\" data-thumbnail=\"https:\/\/www.fetamavins.cat\/wp-content\/uploads\/2025\/01\/projecte_05-768x510.jpg\" data-width=\"768\" data-height=\"510\" aria-label=\"Vinya\" role=\"img\" ><\/div>\n\t\t\t\t\t\t\t\t\t\t\t<div class=\"elementor-gallery-item__overlay\"><\/div>\n\t\t\t\t\t\t\t\t\t\t\t\t\t\t<\/a>\n\t\t\t\t\t\t\t<a class=\"e-gallery-item elementor-gallery-item elementor-animated-content\" href=\"https:\/\/www.fetamavins.cat\/wp-content\/uploads\/2025\/01\/projecte_06.jpg\" data-elementor-open-lightbox=\"yes\" data-elementor-lightbox-slideshow=\"35d79b8\" data-elementor-lightbox-title=\"projecte_06\" data-e-action-hash=\"#elementor-action%3Aaction%3Dlightbox%26settings%3DeyJpZCI6NTU5LCJ1cmwiOiJodHRwczpcL1wvd3d3LmZldGFtYXZpbnMuY2F0XC93cC1jb250ZW50XC91cGxvYWRzXC8yMDI1XC8wMVwvcHJvamVjdGVfMDYuanBnIiwic2xpZGVzaG93IjoiMzVkNzliOCJ9\">\n\t\t\t\t\t<div class=\"e-gallery-image elementor-gallery-item__image\" data-thumbnail=\"https:\/\/www.fetamavins.cat\/wp-content\/uploads\/2025\/01\/projecte_06.jpg\" data-width=\"768\" data-height=\"1024\" aria-label=\"Vi artesanal\" role=\"img\" ><\/div>\n\t\t\t\t\t\t\t\t\t\t\t<div class=\"elementor-gallery-item__overlay\"><\/div>\n\t\t\t\t\t\t\t\t\t\t\t\t\t\t<\/a>\n\t\t\t\t\t\t\t<a class=\"e-gallery-item elementor-gallery-item elementor-animated-content\" href=\"https:\/\/www.fetamavins.cat\/wp-content\/uploads\/2025\/01\/projecte_07.jpg\" data-elementor-open-lightbox=\"yes\" data-elementor-lightbox-slideshow=\"35d79b8\" data-elementor-lightbox-title=\"projecte_07\" data-e-action-hash=\"#elementor-action%3Aaction%3Dlightbox%26settings%3DeyJpZCI6NTYwLCJ1cmwiOiJodHRwczpcL1wvd3d3LmZldGFtYXZpbnMuY2F0XC93cC1jb250ZW50XC91cGxvYWRzXC8yMDI1XC8wMVwvcHJvamVjdGVfMDcuanBnIiwic2xpZGVzaG93IjoiMzVkNzliOCJ9\">\n\t\t\t\t\t<div class=\"e-gallery-image elementor-gallery-item__image\" data-thumbnail=\"https:\/\/www.fetamavins.cat\/wp-content\/uploads\/2025\/01\/projecte_07-768x1156.jpg\" data-width=\"768\" data-height=\"1156\" aria-label=\"Ra\u00efm vi natural\" role=\"img\" ><\/div>\n\t\t\t\t\t\t\t\t\t\t\t<div class=\"elementor-gallery-item__overlay\"><\/div>\n\t\t\t\t\t\t\t\t\t\t\t\t\t\t<\/a>\n\t\t\t\t\t\t\t<a class=\"e-gallery-item elementor-gallery-item elementor-animated-content\" href=\"https:\/\/www.fetamavins.cat\/wp-content\/uploads\/2025\/01\/projecte_12.jpg\" data-elementor-open-lightbox=\"yes\" data-elementor-lightbox-slideshow=\"35d79b8\" data-elementor-lightbox-title=\"projecte_12\" data-e-action-hash=\"#elementor-action%3Aaction%3Dlightbox%26settings%3DeyJpZCI6NTYxLCJ1cmwiOiJodHRwczpcL1wvd3d3LmZldGFtYXZpbnMuY2F0XC93cC1jb250ZW50XC91cGxvYWRzXC8yMDI1XC8wMVwvcHJvamVjdGVfMTIuanBnIiwic2xpZGVzaG93IjoiMzVkNzliOCJ9\">\n\t\t\t\t\t<div class=\"e-gallery-image elementor-gallery-item__image\" data-thumbnail=\"https:\/\/www.fetamavins.cat\/wp-content\/uploads\/2025\/01\/projecte_12.jpg\" data-width=\"631\" data-height=\"1400\" aria-label=\"Vinya Fet a m\u00e0 vins\" role=\"img\" ><\/div>\n\t\t\t\t\t\t\t\t\t\t\t<div class=\"elementor-gallery-item__overlay\"><\/div>\n\t\t\t\t\t\t\t\t\t\t\t\t\t\t<\/a>\n\t\t\t\t\t\t\t<a class=\"e-gallery-item elementor-gallery-item elementor-animated-content\" href=\"https:\/\/www.fetamavins.cat\/wp-content\/uploads\/2025\/01\/projecte_13.jpg\" data-elementor-open-lightbox=\"yes\" data-elementor-lightbox-slideshow=\"35d79b8\" data-elementor-lightbox-title=\"projecte_13\" data-e-action-hash=\"#elementor-action%3Aaction%3Dlightbox%26settings%3DeyJpZCI6NTYyLCJ1cmwiOiJodHRwczpcL1wvd3d3LmZldGFtYXZpbnMuY2F0XC93cC1jb250ZW50XC91cGxvYWRzXC8yMDI1XC8wMVwvcHJvamVjdGVfMTMuanBnIiwic2xpZGVzaG93IjoiMzVkNzliOCJ9\">\n\t\t\t\t\t<div class=\"e-gallery-image elementor-gallery-item__image\" data-thumbnail=\"https:\/\/www.fetamavins.cat\/wp-content\/uploads\/2025\/01\/projecte_13.jpg\" data-width=\"586\" data-height=\"1300\" aria-label=\"Vinya\" role=\"img\" ><\/div>\n\t\t\t\t\t\t\t\t\t\t\t<div class=\"elementor-gallery-item__overlay\"><\/div>\n\t\t\t\t\t\t\t\t\t\t\t\t\t\t<\/a>\n\t\t\t\t\t\t\t<a class=\"e-gallery-item elementor-gallery-item elementor-animated-content\" href=\"https:\/\/www.fetamavins.cat\/wp-content\/uploads\/2025\/01\/projecte_08.jpg\" data-elementor-open-lightbox=\"yes\" data-elementor-lightbox-slideshow=\"35d79b8\" data-elementor-lightbox-title=\"projecte_08\" data-e-action-hash=\"#elementor-action%3Aaction%3Dlightbox%26settings%3DeyJpZCI6NTYzLCJ1cmwiOiJodHRwczpcL1wvd3d3LmZldGFtYXZpbnMuY2F0XC93cC1jb250ZW50XC91cGxvYWRzXC8yMDI1XC8wMVwvcHJvamVjdGVfMDguanBnIiwic2xpZGVzaG93IjoiMzVkNzliOCJ9\">\n\t\t\t\t\t<div class=\"e-gallery-image elementor-gallery-item__image\" data-thumbnail=\"https:\/\/www.fetamavins.cat\/wp-content\/uploads\/2025\/01\/projecte_08.jpg\" data-width=\"768\" data-height=\"1024\" aria-label=\"Vins Baix Empord\u00e0\" role=\"img\" ><\/div>\n\t\t\t\t\t\t\t\t\t\t\t<div class=\"elementor-gallery-item__overlay\"><\/div>\n\t\t\t\t\t\t\t\t\t\t\t\t\t\t<\/a>\n\t\t\t\t\t<\/div>\n\t\t\t\t\t<\/div>\n\t\t\t\t<\/div>\n\t\t\t\t<\/div>\n\t\t\t\t<\/div>\n\t\t\t\t<\/div>","protected":false},"excerpt":{"rendered":"<p>Fet a M\u00e0, vins sense afegits, fets a la vinya Un projecte personal de Marta Arenas A l&#8217;inici del 2019 s&#8217;hereta una de les finques m\u00e9s valorades del llegat familiar, 1 ha. de vinya antiga plantada fa uns 70 anys, principalment amb Malvasia Empordanesa. Aqu\u00ed nom\u00e9s tenia sentit apostar per una viticultura no convencional, ni [&hellip;]<\/p>\n","protected":false},"author":1,"featured_media":0,"parent":0,"menu_order":0,"comment_status":"closed","ping_status":"closed","template":"","meta":{"footnotes":""},"class_list":["post-18","page","type-page","status-publish","hentry"],"_links":{"self":[{"href":"https:\/\/www.fetamavins.cat\/es\/wp-json\/wp\/v2\/pages\/18","targetHints":{"allow":["GET"]}}],"collection":[{"href":"https:\/\/www.fetamavins.cat\/es\/wp-json\/wp\/v2\/pages"}],"about":[{"href":"https:\/\/www.fetamavins.cat\/es\/wp-json\/wp\/v2\/types\/page"}],"author":[{"embeddable":true,"href":"https:\/\/www.fetamavins.cat\/es\/wp-json\/wp\/v2\/users\/1"}],"replies":[{"embeddable":true,"href":"https:\/\/www.fetamavins.cat\/es\/wp-json\/wp\/v2\/comments?post=18"}],"version-history":[{"count":62,"href":"https:\/\/www.fetamavins.cat\/es\/wp-json\/wp\/v2\/pages\/18\/revisions"}],"predecessor-version":[{"id":1078,"href":"https:\/\/www.fetamavins.cat\/es\/wp-json\/wp\/v2\/pages\/18\/revisions\/1078"}],"wp:attachment":[{"href":"https:\/\/www.fetamavins.cat\/es\/wp-json\/wp\/v2\/media?parent=18"}],"curies":[{"name":"wp","href":"https:\/\/api.w.org\/{rel}","templated":true}]}}